{"id":3,"date":"2022-08-17T13:42:48","date_gmt":"2022-08-17T11:42:48","guid":{"rendered":"https:\/\/dimensioncachee.com\/?page_id=3"},"modified":"2022-10-12T16:38:33","modified_gmt":"2022-10-12T14:38:33","slug":"politique-de-confidentialite","status":"publish","type":"page","link":"https:\/\/dimensioncachee.com\/en\/politique-de-confidentialite\/","title":{"rendered":"Politique de confidentialit\u00e9"},"content":{"rendered":"<p>Responsable de traitement<\/p>\n\n\n\n<p>1.1 Le responsable de traitement est DC Concept, dont le si\u00e8ge social est situ\u00e9 au 355 rue Pierre Simon Laplace 13290 Aix en Provence \u2013 France (ci-apr\u00e8s \u00ab DIMENSION CACHEE \u00bb). A ce titre, DIMENSION CACHEE \u2013 et\/ou ses prestataires de services agissant en son nom et pour son compte \u2013 d\u00e9termine les finalit\u00e9s, les moyens techniques et juridiques du traitement des donn\u00e9es personnelles et s\u2019engage \u00e0 prendre toutes les mesures organisationnelles n\u00e9cessaires pour garantir un traitement s\u00fbr et conforme \u00e0 la Loi informatique, fichiers et libert\u00e9s du 6 janvier 1978, telle que modifi\u00e9e par la loi du 6 ao\u00fbt 2004 (ci-apr\u00e8s, \u00ab la Loi \u00bb) et au R\u00e8glement europ\u00e9en du 26 avril 2016 relatif \u00e0 la protection des donn\u00e9es des personnes physiques \u00e0 l\u2019\u00e9gard du traitement des donn\u00e9es \u00e0 caract\u00e8re personnel et \u00e0 la libre circulation de ces donn\u00e9es (ci-apr\u00e8s le \u00ab R\u00e8glement RGPD \u00bb).<\/p>\n\n\n\n<p>1.2. DIMENSION CACHEE est libre de choisir toute personne physique ou morale qui traite les donn\u00e9es personnelles des Utilisateurs \u00e0 sa demande et pour son compte (ci-apr\u00e8s \u00ab le sous-traitant \u00bb). Le cas \u00e9ch\u00e9ant, DIMENSION CACHEE s\u2019engage \u00e0 s\u00e9lectionner un sous-traitant offrant des garanties suffisantes quant aux mesures de s\u00e9curit\u00e9 techniques et organisationnelles du traitement des donn\u00e9es personnelles.<\/p>\n\n\n\n<p>Traitement des donn\u00e9es personnelles<\/p>\n\n\n\n<p>2.1. L\u2019utilisation du Site, l\u2019acc\u00e8s \u00e0 certaines de ses sections et\/ou toute demande de renseignements ou de services provenant des Utilisateurs du Site pourra entra\u00eener la communication de donn\u00e9es personnelles. Le traitement de ces donn\u00e9es par DIMENSION CACHEE, en sa qualit\u00e9 de Responsable de traitement, et\/ou par les prestataires agissant au nom et pour le compte de DIMENSION CACHEE, sera conforme \u00e0 la Loi et au R\u00e8glement RGPD.<\/p>\n\n\n\n<p>2.2. Cette Politique de confidentialit\u00e9 est pr\u00e9vue afin de permettre aux Utilisateurs de savoir, avant m\u00eame d\u2019acc\u00e9der aux diff\u00e9rentes sections du Site et de communiquer leurs donn\u00e9es personnelles, comment DIMENSION CACHEE traite les donn\u00e9es personnelles des Utilisateurs du Site. L\u2019Utilisateur devra n\u00e9cessairement en prendre connaissance avant de communiquer ses donn\u00e9es personnelles en remplissant les formulaires pr\u00e9vus \u00e0 cet effet dans les diff\u00e9rentes sections du Site.<\/p>\n\n\n\n<p>2.3 Les donn\u00e9es personnelles seront trait\u00e9es principalement de mani\u00e8re automatis\u00e9e, avec des proc\u00e9dures strictement li\u00e9es aux finalit\u00e9s cit\u00e9es au point 3.<\/p>\n\n\n\n<p>DIMENSION CACHEE tient \u00e0 ce que les donn\u00e9es personnelles des Utilisateurs soient trait\u00e9es en toute s\u00e9curit\u00e9 et confidentialit\u00e9 et prend les mesures ad\u00e9quates pour \u00e9viter la perte, la mauvaise utilisation, l\u2019alt\u00e9ration et la suppression de ces donn\u00e9es personnelles.<\/p>\n\n\n\n<p>2.4. DIMENSION CACHEE collecte \u00e9galement certaines donn\u00e9es personnelles des Utilisateurs en vue de les reconnaitre et de leur offrir une exp\u00e9rience d\u2019utilisation optimale, de qualit\u00e9 et personnalis\u00e9e. Cette collecte permet \u00e9galement de corriger les erreurs \u00e9ventuelles sur le Site. Les informations recueillies portent sur la connexion de l\u2019Utilisateur (adresse IP, zone g\u00e9ographique, jour et heure de consultation, services consult\u00e9s et\/ou utilis\u00e9s etc.) ainsi que l\u2019appareil depuis lequel la connexion a lieu.<\/p>\n\n\n\n<p>2.5 Le partenaire du Site dimension cachee.com, shopify fais usage de cookie, pour mieux satisfaire aux besoins du Client et les personnalis\u00e9s. Le cookie a pour but de signaler votre passage sur le Site. pour les consulter vous pouvez vous rendre sur : link: https:\/\/www.shopify.com\/fr\/legal\/cookies text: https:\/\/www.shopify.com\/fr\/legal\/cookies))<\/p>\n\n\n\n<p>2.6. Tout manquement, information partielle ou inexacte sur les donn\u00e9es personnelles, signal\u00e9es par un ast\u00e9risque, et donc n\u00e9cessaires \u00e0 l\u2019ex\u00e9cution de la prestation demand\u00e9e, rend celle-ci impossible. En revanche, tout manquement, information partielle ou inexacte sur les donn\u00e9es personnelles facultatives est sans cons\u00e9quence.<\/p>\n\n\n\n<p>Finalit\u00e9s du traitement des donn\u00e9es personnelles<\/p>\n\n\n\n<p>Les donn\u00e9es personnelles des Utilisateurs sont trait\u00e9es pour permettre le traitement et la livraison des commandes \u00e9mises sur le Site.<\/p>\n\n\n\n<p>Sous r\u00e9serves de validation par un \u00ab opt-in \u00bb du client, les informations personnelles (donn\u00e9es personnelles, adresse e-mail, sexe\u2026) peuvent \u00e9galement \u00eatre utilis\u00e9es par DIMENSION CACHEE et\/ou ses partenaires \u00e0 des fins commerciales telles que l\u2019envoi de newsletter ou sollicitations.<\/p>\n\n\n\n<p>Donn\u00e9es personnelles susceptibles d\u2019\u00eatre trait\u00e9es<\/p>\n\n\n\n<p>Les informations des Utilisateurs qu\u2019ils donnent en remplissant des formulaires ou en cr\u00e9ant leur compte client sont collect\u00e9es et trait\u00e9es. Ces informations peuvent inclure le nom, le sexe, la taille, l\u2019adresse, l\u2019adresse e-mail et le num\u00e9ro de t\u00e9l\u00e9phone des Utilisateurs.<\/p>\n\n\n\n<p>Consentement<\/p>\n\n\n\n<p>L\u2019Utilisateur a le droit de retirer son consentement \u00e0 tout moment. Le retrait du consentement ne remet pas en cause la lic\u00e9it\u00e9 du traitement d\u00e9j\u00e0 effectu\u00e9, fond\u00e9 sur le consentement formul\u00e9 avant ce retrait. L\u2019exercice de ce droit peut \u00eatre effectu\u00e9 par voie \u00e9lectronique \u00e0 l\u2019adresse suivante contact@dimensioncachee.com ou par voie postale ordinaire \u00e0 l\u2019adresse suivante : DC CONCEPT 355 rue Pierre Simon Laplace 13290 Aix en Provence. Dur\u00e9e de conservation des donn\u00e9es personnelles<\/p>\n\n\n\n<p>Conform\u00e9ment aux exigences l\u00e9gales impos\u00e9es par la Loi et le R\u00e8glement RGPD, DIMENSION CACHEE ne conserve les donn\u00e9es personnelles des Utilisateurs que durant le temps raisonnablement n\u00e9cessaire pour permettre l\u2019accomplissement des finalit\u00e9s pour lesquelles elles sont trait\u00e9es.<\/p>\n\n\n\n<p>Communication des donn\u00e9es personnelles des Utilisateurs \u00e0 des fins internes<\/p>\n\n\n\n<p>7.1. Les donn\u00e9es personnelles pourront \u00eatre transmises aux employ\u00e9s ou collaborateurs de DIMENSION CACHEE qui, en op\u00e9rant sous l\u2019autorit\u00e9 directe de DIMENSION CACHEE, sont nomm\u00e9s responsables de traitement ou sous-traitants de ces donn\u00e9es et re\u00e7oivent les instructions op\u00e9rationnelles ad\u00e9quates. Les donn\u00e9es personnelles peuvent \u00e9galement \u00eatre port\u00e9es \u00e0 la connaissance d\u2019employ\u00e9s ou de collaborateurs des responsables de traitement si ces derniers, nomm\u00e9s par DIMENSION CACHEE, en d\u00e9cident ainsi et sous r\u00e9serve que ces donn\u00e9es soient trait\u00e9es conform\u00e9ment aux finalit\u00e9s poursuivies.<\/p>\n\n\n\n<p>7.2. DIMENSION CACHEE s\u2019assure que les sous-traitants, employ\u00e9s ou collaborateurs garantissent le m\u00eame niveau de protection qu\u2019elle-m\u00eame et s\u2019assure que ces sous-traitants, employ\u00e9s ou collaborateurs, traitent les donn\u00e9es personnelles aux seules fins autoris\u00e9es par les finalit\u00e9s poursuivies, avec la discr\u00e9tion et la s\u00e9curit\u00e9 requises.<\/p>\n\n\n\n<p>7.3. Les donn\u00e9es personnelles directement communiqu\u00e9es par les Utilisateurs au moyen du remplissage des formulaires en ligne pourront \u00eatre communiqu\u00e9es et trait\u00e9es par des prestataires externes agissant au nom et pour le compte de DIMENSION CACHEE.<\/p>\n\n\n\n<p>7.4 Les donn\u00e9es ne sont pas susceptibles de faire l\u2019objet d\u2019un transfert vers un pays tiers \u00e0 l\u2019Union Europ\u00e9enne.<\/p>\n\n\n\n<p>Les droits reconnus aux Utilisateurs<br>8.1. DIMENSION CACHEE garantit un traitement loyal et licite des donn\u00e9es personnelles des Utilisateurs.<br>8.2. DIMENSION CACHEE garantit \u00e0 l\u2019Utilisateur un droit d\u2019acc\u00e8s \u00e0 ses donn\u00e9es personnelles.<\/p>\n\n\n\n<p>Conform\u00e9ment \u00e0 l\u2019article 15 du R\u00e8glement RGPD, l\u2019Utilisateur a le droit d\u2019obtenir de DIMENSION CACHEE les informations suivantes (mais non-exhaustives) concernant ses donn\u00e9es personnelles :<\/p>\n\n\n\n<p>les finalit\u00e9s du traitement ;<\/p>\n\n\n\n<p>les cat\u00e9gories de donn\u00e9es \u00e0 caract\u00e8re personnel concern\u00e9es ;<\/p>\n\n\n\n<p>les destinataires ou cat\u00e9gories de destinataires auxquels les donn\u00e9es \u00e0 caract\u00e8re personnel ont \u00e9t\u00e9 ou seront communiqu\u00e9es, en particulier les destinataires qui sont \u00e9tablis dans des pays tiers ou les organisations internationales ;<\/p>\n\n\n\n<p>lorsque cela est possible, la dur\u00e9e de conservation des donn\u00e9es \u00e0 caract\u00e8re personnel envisag\u00e9e ou, lorsque ce n\u2019est pas possible, les crit\u00e8res utilis\u00e9s pour d\u00e9terminer cette dur\u00e9e ;<\/p>\n\n\n\n<p>l\u2019existence d\u2019une prise de d\u00e9cision automatis\u00e9e, y compris un profilage, vis\u00e9e aux paragraphes 1 et 4 de l\u2019article 22 du R\u00e8glement RGPD et, le cas \u00e9ch\u00e9ant, au minimum, des informations utiles concernant la logique sous-jacente, ainsi que l\u2019importance et les cons\u00e9quences pr\u00e9vues de ce traitement pour la personne concern\u00e9e.<\/p>\n\n\n\n<p>8.4. DIMENSION CACHEE garantit le droit \u00e0 la limitation du traitement.<\/p>\n\n\n\n<p>L\u2019Utilisateur a le droit d\u2019obtenir la limitation du traitement de ses donn\u00e9es personnelles dans les hypoth\u00e8ses \u00e9num\u00e9r\u00e9es \u00e0 l\u2019article 18 du R\u00e8glement RGPD.<\/p>\n\n\n\n<p>8.5. DIMENSION CACHEE garantit le droit \u00e0 la portabilit\u00e9 des donn\u00e9es.<\/p>\n\n\n\n<p>Conform\u00e9ment \u00e0 l\u2019article 20 du R\u00e8glement RGPD, les Utilisateurs ont le droit de recevoir de DIMENSION CACHEE les donn\u00e9es \u00e0 caract\u00e8re personnel les concernant dans un format structur\u00e9, couramment utilis\u00e9 et lisible par machine. Ils ont \u00e9galement le droit de transmettre ces donn\u00e9es \u00e0 un autre responsable du traitement, sans que DIMENSION CACHEE y fasse obstacle dans les cas pr\u00e9vus par le R\u00e8glement RGPD.<\/p>\n\n\n\n<p>8.6. DIMENSION CACHEE garantit le droit d\u2019opposition au traitement des donn\u00e9es<\/p>\n\n\n\n<p>L\u2019Utilisateur dispose \u00e0 tout moment du droit de s\u2019opposer au traitement de ses donn\u00e9es personnelles, lorsqu\u2019il existe des raisons imp\u00e9rieuses et l\u00e9gitimes relatives \u00e0 sa situation particuli\u00e8re. Dans ce cas, DIMENSION CACHEE ne traitera plus les donn\u00e9es \u00e0 caract\u00e8re personnel, \u00e0 moins qu\u2019il existe des motifs l\u00e9gitimes et imp\u00e9rieux pour le traitement qui pr\u00e9valent sur les int\u00e9r\u00eats et les droits et libert\u00e9s de l\u2019Utilisateur, ou pour la constatation, l\u2019exercice ou la d\u00e9fense de droits en justice.<\/p>\n\n\n\n<p>8.7. DIMENSION CACHEE garantit le droit de faire une r\u00e9clamation<\/p>\n\n\n\n<p>L\u2019Utilisateur dispose du droit de faire une r\u00e9clamation concernant le traitement de ses donn\u00e9es personnelles par DIMENSION CACHEE aupr\u00e8s de la Commission National de l\u2019Informatique et des Libert\u00e9s, organisme comp\u00e9tent pour le territoire fran\u00e7ais.<\/p>\n\n\n\n<p>8.8. L\u2019Utilisateur pourra, \u00e0 tout moment, exercer les droits cit\u00e9s ci-dessus en envoyant un message par voie \u00e9lectronique \u00e0 l\u2019adresse suivante contact@dimensioncachee.com ou par voie postale ordinaire \u00e0 l\u2019adresse suivante : DC CONCEPT 355 rue Pierre Simon Laplace 13290 Aix en Provence \u2013 France<\/p>\n\n\n\n<p>Limitation de responsabilit\u00e9 du responsable de traitement<\/p>\n\n\n\n<p>Le Site peut contenir des liens hypertextes vers des sites internet contr\u00f4l\u00e9s et exploit\u00e9s par des tiers non li\u00e9s \u00e0 DIMENSION CACHEE. Le cas \u00e9ch\u00e9ant, DIMENSION CACHEE ne peut \u00eatre tenu responsable du contenu de ces sites, ni des pratiques de protection des donn\u00e9es personnelles de ces tiers.<\/p>\n\n\n\n<p>DIMENSION CACHEE ne peut \u00eatre tenue responsable de la perte, de la corruption des donn\u00e9es ou du vol d\u2019identit\u00e9, qui peuvent \u00eatre caus\u00e9s notamment mais non-limitativement, par la pr\u00e9sence de virus ou d\u2019attaques informatiques.<\/p>\n\n\n\n<p>Modalit\u00e9s de modification des donn\u00e9es de l\u2019Utilisateur<\/p>\n\n\n\n<p>L\u2019Utilisateur pourra, \u00e0 tout moment, modifier les donn\u00e9es fournies en envoyant un message par voie \u00e9lectronique \u00e0 l\u2019adresse suivante contact@dimensioncachee.com ou par voie postale ordinaire \u00e0 l\u2019adresse suivante : DC CONCEPT 355 rue Pierre Simon Laplace 13290 Aix en Provence \u2013 France<\/p>\n\n\n\n<p>Modification de la Politique de confidentialit\u00e9<\/p>\n\n\n\n<p>DIMENSION CACHEE se r\u00e9serve le droit de modifier la pr\u00e9sente Politique de confidentialit\u00e9 afin de se conformer aux obligations pr\u00e9vues par les l\u00e9gislations protectrices de la vie priv\u00e9e ou dans le but de l\u2019adapter \u00e0 ses pratiques. Par cons\u00e9quent, l\u2019Utilisateur est invit\u00e9 \u00e0 la consulter r\u00e9guli\u00e8rement afin de prendre connaissance d\u2019\u00e9ventuelles modifications et adaptations.<\/p>","protected":false},"excerpt":{"rendered":"<p>Responsable de traitement 1.1 Le responsable de traitement est DC Concept, dont le si\u00e8ge social est situ\u00e9 au 355 rue Pierre Simon Laplace 13290 Aix en Provence \u2013 France (ci-apr\u00e8s \u00ab DIMENSION CACHEE \u00bb). A ce titre, DIMENSION CACHEE \u2013 et\/ou ses prestataires de services agissant en son nom et pour son compte \u2013 d\u00e9termine [&hellip;]<\/p>","protected":false},"author":1,"featured_media":0,"parent":0,"menu_order":0,"comment_status":"closed","ping_status":"closed","template":"template-page-etroite.php","meta":{"_acf_changed":false,"footnotes":""},"class_list":["post-3","page","type-page","status-publish","hentry"],"acf":[],"yoast_head":"<!-- This site is optimized with the Yoast SEO plugin v22.7 - https:\/\/yoast.com\/wordpress\/plugins\/seo\/ -->\n<title>Politique de confidentialit\u00e9 - Dimension<\/title>\n<meta name=\"robots\" content=\"index, follow, max-snippet:-1, max-image-preview:large, max-video-preview:-1\" \/>\n<link rel=\"canonical\" href=\"https:\/\/dimensioncachee.com\/en\/politique-de-confidentialite\/\" \/>\n<meta property=\"og:locale\" content=\"en_US\" \/>\n<meta property=\"og:type\" content=\"article\" \/>\n<meta property=\"og:title\" content=\"Politique de confidentialit\u00e9 - Dimension\" \/>\n<meta property=\"og:description\" content=\"Responsable de traitement 1.1 Le responsable de traitement est DC Concept, dont le si\u00e8ge social est situ\u00e9 au 355 rue Pierre Simon Laplace 13290 Aix en Provence \u2013 France (ci-apr\u00e8s \u00ab DIMENSION CACHEE \u00bb). A ce titre, DIMENSION CACHEE \u2013 et\/ou ses prestataires de services agissant en son nom et pour son compte \u2013 d\u00e9termine [&hellip;]\" \/>\n<meta property=\"og:url\" content=\"https:\/\/dimensioncachee.com\/en\/politique-de-confidentialite\/\" \/>\n<meta property=\"og:site_name\" content=\"Dimension\" \/>\n<meta property=\"article:modified_time\" content=\"2022-10-12T14:38:33+00:00\" \/>\n<meta name=\"twitter:card\" content=\"summary_large_image\" \/>\n<meta name=\"twitter:label1\" content=\"Est. reading time\" \/>\n\t<meta name=\"twitter:data1\" content=\"9 minutes\" \/>\n<script type=\"application\/ld+json\" class=\"yoast-schema-graph\">{\"@context\":\"https:\/\/schema.org\",\"@graph\":[{\"@type\":\"WebPage\",\"@id\":\"https:\/\/dimensioncachee.com\/politique-de-confidentialite\/\",\"url\":\"https:\/\/dimensioncachee.com\/politique-de-confidentialite\/\",\"name\":\"Politique de confidentialit\u00e9 - Dimension\",\"isPartOf\":{\"@id\":\"https:\/\/dimensioncachee.com\/#website\"},\"datePublished\":\"2022-08-17T11:42:48+00:00\",\"dateModified\":\"2022-10-12T14:38:33+00:00\",\"breadcrumb\":{\"@id\":\"https:\/\/dimensioncachee.com\/politique-de-confidentialite\/#breadcrumb\"},\"inLanguage\":\"en-US\",\"potentialAction\":[{\"@type\":\"ReadAction\",\"target\":[\"https:\/\/dimensioncachee.com\/politique-de-confidentialite\/\"]}]},{\"@type\":\"BreadcrumbList\",\"@id\":\"https:\/\/dimensioncachee.com\/politique-de-confidentialite\/#breadcrumb\",\"itemListElement\":[{\"@type\":\"ListItem\",\"position\":1,\"name\":\"Accueil\",\"item\":\"https:\/\/dimensioncachee.com\/\"},{\"@type\":\"ListItem\",\"position\":2,\"name\":\"Politique de confidentialit\u00e9\"}]},{\"@type\":\"WebSite\",\"@id\":\"https:\/\/dimensioncachee.com\/#website\",\"url\":\"https:\/\/dimensioncachee.com\/\",\"name\":\"Dimension\",\"description\":\"Un site utilisant WordPress\",\"potentialAction\":[{\"@type\":\"SearchAction\",\"target\":{\"@type\":\"EntryPoint\",\"urlTemplate\":\"https:\/\/dimensioncachee.com\/?s={search_term_string}\"},\"query-input\":\"required name=search_term_string\"}],\"inLanguage\":\"en-US\"}]}<\/script>\n<!-- \/ Yoast SEO plugin. -->","yoast_head_json":{"title":"Politique de confidentialit\u00e9 - Dimension","robots":{"index":"index","follow":"follow","max-snippet":"max-snippet:-1","max-image-preview":"max-image-preview:large","max-video-preview":"max-video-preview:-1"},"canonical":"https:\/\/dimensioncachee.com\/en\/politique-de-confidentialite\/","og_locale":"en_US","og_type":"article","og_title":"Politique de confidentialit\u00e9 - Dimension","og_description":"Responsable de traitement 1.1 Le responsable de traitement est DC Concept, dont le si\u00e8ge social est situ\u00e9 au 355 rue Pierre Simon Laplace 13290 Aix en Provence \u2013 France (ci-apr\u00e8s \u00ab DIMENSION CACHEE \u00bb). A ce titre, DIMENSION CACHEE \u2013 et\/ou ses prestataires de services agissant en son nom et pour son compte \u2013 d\u00e9termine [&hellip;]","og_url":"https:\/\/dimensioncachee.com\/en\/politique-de-confidentialite\/","og_site_name":"Dimension","article_modified_time":"2022-10-12T14:38:33+00:00","twitter_card":"summary_large_image","twitter_misc":{"Est. reading time":"9 minutes"},"schema":{"@context":"https:\/\/schema.org","@graph":[{"@type":"WebPage","@id":"https:\/\/dimensioncachee.com\/politique-de-confidentialite\/","url":"https:\/\/dimensioncachee.com\/politique-de-confidentialite\/","name":"Politique de confidentialit\u00e9 - Dimension","isPartOf":{"@id":"https:\/\/dimensioncachee.com\/#website"},"datePublished":"2022-08-17T11:42:48+00:00","dateModified":"2022-10-12T14:38:33+00:00","breadcrumb":{"@id":"https:\/\/dimensioncachee.com\/politique-de-confidentialite\/#breadcrumb"},"inLanguage":"en-US","potentialAction":[{"@type":"ReadAction","target":["https:\/\/dimensioncachee.com\/politique-de-confidentialite\/"]}]},{"@type":"BreadcrumbList","@id":"https:\/\/dimensioncachee.com\/politique-de-confidentialite\/#breadcrumb","itemListElement":[{"@type":"ListItem","position":1,"name":"Accueil","item":"https:\/\/dimensioncachee.com\/"},{"@type":"ListItem","position":2,"name":"Politique de confidentialit\u00e9"}]},{"@type":"WebSite","@id":"https:\/\/dimensioncachee.com\/#website","url":"https:\/\/dimensioncachee.com\/","name":"Dimension","description":"Un site utilisant WordPress","potentialAction":[{"@type":"SearchAction","target":{"@type":"EntryPoint","urlTemplate":"https:\/\/dimensioncachee.com\/?s={search_term_string}"},"query-input":"required name=search_term_string"}],"inLanguage":"en-US"}]}},"jetpack_sharing_enabled":true,"_links":{"self":[{"href":"https:\/\/dimensioncachee.com\/en\/wp-json\/wp\/v2\/pages\/3","targetHints":{"allow":["GET"]}}],"collection":[{"href":"https:\/\/dimensioncachee.com\/en\/wp-json\/wp\/v2\/pages"}],"about":[{"href":"https:\/\/dimensioncachee.com\/en\/wp-json\/wp\/v2\/types\/page"}],"author":[{"embeddable":true,"href":"https:\/\/dimensioncachee.com\/en\/wp-json\/wp\/v2\/users\/1"}],"replies":[{"embeddable":true,"href":"https:\/\/dimensioncachee.com\/en\/wp-json\/wp\/v2\/comments?post=3"}],"version-history":[{"count":3,"href":"https:\/\/dimensioncachee.com\/en\/wp-json\/wp\/v2\/pages\/3\/revisions"}],"predecessor-version":[{"id":561,"href":"https:\/\/dimensioncachee.com\/en\/wp-json\/wp\/v2\/pages\/3\/revisions\/561"}],"wp:attachment":[{"href":"https:\/\/dimensioncachee.com\/en\/wp-json\/wp\/v2\/media?parent=3"}],"curies":[{"name":"wp","href":"https:\/\/api.w.org\/{rel}","templated":true}]}}